{"id":8894,"date":"2019-02-28T01:10:49","date_gmt":"2019-02-28T01:10:49","guid":{"rendered":"https:\/\/cerlalc.org\/o-que-fazemos\/orcamento\/"},"modified":"2019-02-28T01:10:49","modified_gmt":"2019-02-28T01:10:49","slug":"orcamento","status":"publish","type":"page","link":"https:\/\/cerlalc.org\/pt-br\/o-que-fazemos\/orcamento\/","title":{"rendered":"Or\u00e7amento"},"content":{"rendered":"<h3>Sobre o funcionamento do Cerlalc<\/h3>\n<p>De acordo com o\u00a0Estatuto Geral, ao Cerlalc \u00e9 regido por um Conselho, o qual est\u00e1 conformado pelos representantes dos vinte e um (21) pa\u00edses membros, e pela UNESCO.<\/p>\n<p>A cada dois anos este Conselho se re\u00fane para nomear um Comit\u00ea Executivo que est\u00e1 conformado pelos representantes de seis (6) pa\u00edses membros, dois (2) representantes do pa\u00eds sede e pelo representante da UNESCO.<\/p>\n<p>O Cerlalc tem um diretor, que tem qualidade de servidor p\u00fablico internacional, atua como representante legal e a quem corresponde velar pelo cumprimento das disposi\u00e7\u00f5es do\u00a0Acordo de Coopera\u00e7\u00e3o Internacional entre o Governo da Col\u00f4mbia e a UNESCO, coordenar e desenvolver a pol\u00edtica e os objetivos. \u00a0Para a designa\u00e7\u00e3o do Diretor, o Governo Colombiano propor\u00e1 uma lista restrita e a por\u00e1 a considera\u00e7\u00e3o da UNESCO e do presidente do Conselho do Cerlalc, quem selecionar\u00e1 e nomear\u00e1 para um per\u00edodo de dois (2) anos.<\/p>\n<p>O Comit\u00ea Executivo \u00e9 o \u00f3rg\u00e3o encarregado de aprovar o programa t\u00e9cnico a cada dois anos, no qual s\u00e3o definidas as atividades e projetos da miss\u00e3o que ser\u00e3o desenvolvidos na regi\u00e3o, como o or\u00e7amento para cada ano.<\/p>\n<p>O or\u00e7amento \u00e9 financiado atrav\u00e9s de contribui\u00e7\u00f5es rateadas de seus pa\u00edses membros (contribui\u00e7\u00f5es regulares) que s\u00e3o fixas e revisadas periodicamente pelo Conselho, assim como de contribui\u00e7\u00f5es de organiza\u00e7\u00f5es interessadas em financiar o programa t\u00e9cnico e a venda de servi\u00e7os (contribui\u00e7\u00f5es extraordin\u00e1rias).<\/p>\n<p>Por outra parte, atrav\u00e9s da aprova\u00e7\u00e3o do or\u00e7amento, o Comit\u00ea concede faculdades para o diretor para a execu\u00e7\u00e3o das partidas para o funcionamento, assim como o do investimento no programa t\u00e9cnico do Centro.<\/p>\n<p>O Cerlalc, de acordo com sua lei de cria\u00e7\u00e3o, goza de privil\u00e9gios e imunidades no territ\u00f3rio Colombiano em quest\u00f5es administrativas, financeiras e tribut\u00e1rias.<\/p>\n<p>O Cerlalc conta com uma auditoria externa para a gest\u00e3o financeira, que \u00e9 nomeada por per\u00edodos anuais e selecionada pelo Comit\u00ea Executivo.<\/p>\n<h3>Or\u00e7amento<\/h3>\n<p>O or\u00e7amento do Cerlalc para 2018 \u00e9 de 1.026.451 USD.<\/p>\n<h3>Como nos financiamos<\/h3>\n<p>A fonte comum de renda do Cerlalc \u00e9 o contribui\u00e7\u00e3o do pa\u00eds anfitri\u00e3o (Col\u00f4mbia) e dos pa\u00edses membros. \u00a0Esta fonte representa 63% das fontes de financiamento do or\u00e7amento.<\/p>\n<p>Em fontes extraordin\u00e1rias encontramos contribui\u00e7\u00f5es de organiza\u00e7\u00f5es interessados em financiar nosso programa t\u00e9cnico e a venda de servi\u00e7os conformes de acordo ao objeto da miss\u00e3o. Este item representa 37%\u00a0das fontes de financiamento do or\u00e7amento.<\/p>\n<h3>Como s\u00e3o gerenciados o or\u00e7amento e o programa t\u00e9cnico<\/h3>\n<p>O planejamento, gest\u00e3o e administra\u00e7\u00e3o est\u00e1 sob responsabilidade da dire\u00e7\u00e3o com o apoio de cada uma de suas \u00e1reas.<\/p>\n<p>Para 2018, foi aprovado um investimento no programa t\u00e9cnico de 34% e umas despesas operacionais que incluem os recursos humanos e as despesas gerais com 63% do total do or\u00e7amento<\/p>\n<h3>Pa\u00edses membros (Ades\u00e3o e participa\u00e7\u00e3o em montante das contribui\u00e7\u00f5es)<\/h3>\n<table>\n<tbody>\n<tr>\n<td><span style=\"font-weight: 400;\">PA\u00cdS<\/span><\/td>\n<td>DATA<\/td>\n<td>PARTICIPA\u00c7\u00c3O<\/td>\n<\/tr>\n<tr>\n<td><span style=\"font-weight: 400;\">Argentina<\/span><\/td>\n<td><span style=\"font-weight: 400;\">2 de agosto de 1971<\/span><\/td>\n<td><span style=\"font-weight: 400;\">6,4%<\/span><\/td>\n<\/tr>\n<tr>\n<td><span style=\"font-weight: 400;\">Bolivia<\/span><\/td>\n<td><span style=\"font-weight: 400;\">24 de maio de 1972<\/span><\/td>\n<td><span style=\"font-weight: 400;\">1,5%<\/span><\/td>\n<\/tr>\n<tr>\n<td><span style=\"font-weight: 400;\">Brasil<\/span><\/td>\n<td><span style=\"font-weight: 400;\">11 de dezembro de 1973<\/span><\/td>\n<td><span style=\"font-weight: 400;\">11,4%<\/span><\/td>\n<\/tr>\n<tr>\n<td><span style=\"font-weight: 400;\">Chile<\/span><\/td>\n<td><span style=\"font-weight: 400;\">8 de agosto de 1973<\/span><\/td>\n<td><span style=\"font-weight: 400;\">3,6%<\/span><\/td>\n<\/tr>\n<tr>\n<td><span style=\"font-weight: 400;\">Colombia<\/span><\/td>\n<td><span style=\"font-weight: 400;\">Fundador. 23 de abril 1971<\/span><\/td>\n<td><span style=\"font-weight: 400;\">24,8%<\/span><\/td>\n<\/tr>\n<tr>\n<td><span style=\"font-weight: 400;\">Costa Rica<\/span><\/td>\n<td><span style=\"font-weight: 400;\">11 de setembro de 1972<\/span><\/td>\n<td><span style=\"font-weight: 400;\">1,5%<\/span><\/td>\n<\/tr>\n<tr>\n<td><span style=\"font-weight: 400;\">Cuba<\/span><\/td>\n<td><span style=\"font-weight: 400;\">2 de julho de 1985<\/span><\/td>\n<td><span style=\"font-weight: 400;\">1,5%<\/span><\/td>\n<\/tr>\n<tr>\n<td><span style=\"font-weight: 400;\">Ecuador<\/span><\/td>\n<td><span style=\"font-weight: 400;\">30 de dezembro de 1971<\/span><\/td>\n<td><span style=\"font-weight: 400;\">1,7%<\/span><\/td>\n<\/tr>\n<tr>\n<td><span style=\"font-weight: 400;\">El Salvador<\/span><\/td>\n<td><span style=\"font-weight: 400;\">29 de maio de 1992<\/span><\/td>\n<td><span style=\"font-weight: 400;\">1,5%<\/span><\/td>\n<\/tr>\n<tr>\n<td><span style=\"font-weight: 400;\">Espa\u00f1a<\/span><\/td>\n<td><span style=\"font-weight: 400;\">18 de abril de 1985<\/span><\/td>\n<td><span style=\"font-weight: 400;\">15,2%<\/span><\/td>\n<\/tr>\n<tr>\n<td><span style=\"font-weight: 400;\">Guatemala<\/span><\/td>\n<td><span style=\"font-weight: 400;\">11 de junho de 1997<\/span><\/td>\n<td><span style=\"font-weight: 400;\">1,5%<\/span><\/td>\n<\/tr>\n<tr>\n<td><span style=\"font-weight: 400;\">Honduras<\/span><\/td>\n<td><span style=\"font-weight: 400;\">10 de janeiro de 1997<\/span><\/td>\n<td><span style=\"font-weight: 400;\">1,5%<\/span><\/td>\n<\/tr>\n<tr>\n<td><span style=\"font-weight: 400;\">M\u00e9xico<\/span><\/td>\n<td><span style=\"font-weight: 400;\">26 de mar\u00e7o de 1993<\/span><\/td>\n<td><span style=\"font-weight: 400;\">11,2%<\/span><\/td>\n<\/tr>\n<tr>\n<td><span style=\"font-weight: 400;\">Nicaragua<\/span><\/td>\n<td><span style=\"font-weight: 400;\">26 de maio de 1981<\/span><\/td>\n<td><span style=\"font-weight: 400;\">1,5%<\/span><\/td>\n<\/tr>\n<tr>\n<td><span style=\"font-weight: 400;\">Panam\u00e1<\/span><\/td>\n<td><span style=\"font-weight: 400;\">1972<\/span><\/td>\n<td><span style=\"font-weight: 400;\">1,7%<\/span><\/td>\n<\/tr>\n<tr>\n<td><span style=\"font-weight: 400;\">Paraguay<\/span><\/td>\n<td><span style=\"font-weight: 400;\">8 de agosto de 1972<\/span><\/td>\n<td><span style=\"font-weight: 400;\">1,5%<\/span><\/td>\n<\/tr>\n<tr>\n<td><span style=\"font-weight: 400;\">Per\u00fa<\/span><\/td>\n<td><span style=\"font-weight: 400;\">27 de dezembro de 1994<\/span><\/td>\n<td><span style=\"font-weight: 400;\">2,6%<\/span><\/td>\n<\/tr>\n<tr>\n<td><span style=\"font-weight: 400;\">Portugal<\/span><\/td>\n<td><span style=\"font-weight: 400;\">9 de junho de 2005<\/span><\/td>\n<td><span style=\"font-weight: 400;\">2,8%<\/span><\/td>\n<\/tr>\n<tr>\n<td><span style=\"font-weight: 400;\">Rep\u00fablica Dominicana<\/span><\/td>\n<td><span style=\"font-weight: 400;\">1972<\/span><\/td>\n<td><span style=\"font-weight: 400;\">1,5%<\/span><\/td>\n<\/tr>\n<tr>\n<td><span style=\"font-weight: 400;\">Uruguay<\/span><\/td>\n<td><span style=\"font-weight: 400;\">4 de setembro de 1985<\/span><\/td>\n<td><span style=\"font-weight: 400;\">1,5%<\/span><\/td>\n<\/tr>\n<tr>\n<td><span style=\"font-weight: 400;\">Venezuela<\/span><\/td>\n<td><span style=\"font-weight: 400;\">30 de agosto de 1974<\/span><\/td>\n<td><span style=\"font-weight: 400;\">3,8%<\/span><\/td>\n<\/tr>\n<\/tbody>\n<\/table>\n","protected":false},"excerpt":{"rendered":"<p>Sobre o funcionamento do Cerlalc De acordo com o\u00a0Estatuto Geral, ao Cerlalc \u00e9 regido por um Conselho, o qual est\u00e1 conformado pelos representantes dos vinte e um (21) pa\u00edses membros, e pela UNESCO. A cada dois anos este Conselho se re\u00fane para nomear um Comit\u00ea Executivo que est\u00e1 conformado pelos representantes de seis (6) pa\u00edses [&hellip;]<\/p>\n","protected":false},"author":1,"featured_media":0,"parent":8333,"menu_order":0,"comment_status":"open","ping_status":"open","template":"","meta":{"_seopress_robots_primary_cat":""},"areas":[],"countries":[],"programas":[],"coauthors":[1393],"_links":{"self":[{"href":"https:\/\/cerlalc.org\/pt-br\/wp-json\/wp\/v2\/pages\/8894"}],"collection":[{"href":"https:\/\/cerlalc.org\/pt-br\/wp-json\/wp\/v2\/pages"}],"about":[{"href":"https:\/\/cerlalc.org\/pt-br\/wp-json\/wp\/v2\/types\/page"}],"author":[{"embeddable":true,"href":"https:\/\/cerlalc.org\/pt-br\/wp-json\/wp\/v2\/users\/1"}],"replies":[{"embeddable":true,"href":"https:\/\/cerlalc.org\/pt-br\/wp-json\/wp\/v2\/comments?post=8894"}],"version-history":[{"count":0,"href":"https:\/\/cerlalc.org\/pt-br\/wp-json\/wp\/v2\/pages\/8894\/revisions"}],"up":[{"embeddable":true,"href":"https:\/\/cerlalc.org\/pt-br\/wp-json\/wp\/v2\/pages\/8333"}],"wp:attachment":[{"href":"https:\/\/cerlalc.org\/pt-br\/wp-json\/wp\/v2\/media?parent=8894"}],"wp:term":[{"taxonomy":"areas","embeddable":true,"href":"https:\/\/cerlalc.org\/pt-br\/wp-json\/wp\/v2\/areas?post=8894"},{"taxonomy":"countries","embeddable":true,"href":"https:\/\/cerlalc.org\/pt-br\/wp-json\/wp\/v2\/countries?post=8894"},{"taxonomy":"programas","embeddable":true,"href":"https:\/\/cerlalc.org\/pt-br\/wp-json\/wp\/v2\/programas?post=8894"},{"taxonomy":"author","embeddable":true,"href":"https:\/\/cerlalc.org\/pt-br\/wp-json\/wp\/v2\/coauthors?post=8894"}],"curies":[{"name":"wp","href":"https:\/\/api.w.org\/{rel}","templated":true}]}}